




{"id":3640,"date":"2019-05-05T06:21:51","date_gmt":"2019-05-05T06:21:51","guid":{"rendered":"https:\/\/www.dr-mamczur.pl\/blog\/?page_id=3640"},"modified":"2024-12-30T16:30:13","modified_gmt":"2024-12-30T15:30:13","slug":"rodo","status":"publish","type":"page","link":"https:\/\/www.dr-mamczur.pl\/blog\/rodo\/","title":{"rendered":"RODO &#8211; Klauzula informacyjna"},"content":{"rendered":"<h2 style=\"text-align: center;\"><a name=\"_Toc186196761\"><\/a><span style=\"color: #ff0000;\"><strong>KLAUZULA INFORMACYJNA<\/strong><\/span><\/h2>\n<h2 style=\"text-align: center;\"><span style=\"color: #ff0000;\"><a style=\"color: #ff0000;\" name=\"_Toc186196762\"><\/a><strong>O PRZETWARZANIU DANYCH OSOBOWYCH<\/strong><\/span><\/h2>\n<p>&nbsp;<\/p>\n<p>&nbsp;<\/p>\n<ol>\n<li>\n<h2><a name=\"_Toc186196763\"><\/a> <span style=\"color: #0000ff;\">Zasada ochrony danych osobowych pacjent\u00f3w w moim <strong>gabinecie<\/strong> (RODO) opisana jest na stronie<\/span><\/h2>\n<\/li>\n<\/ol>\n<p><a href=\"http:\/\/www.drmamczur.home.pl\/drmamczur\/?page_id=706\">http:\/\/www.drmamczur.home.pl\/drmamczur\/?page_id=706<\/a><\/p>\n<p>&nbsp;<\/p>\n<p>infolinia U<strong>rz\u0119du Ochrony Danych Osobowych pod numer 606 950\u00a0000.<\/strong><\/p>\n<p>&nbsp;<\/p>\n<p><span style=\"color: #ff0000;\"><strong>KLAUZULA INFORMACYJNA O PRZETWARZANIU DANYCH OSOBOWYCH<\/strong><\/span><\/p>\n<p>Zgodnie Z art. 13 RODO oraz (DzU 730 z 21 lutego 2019 r. Ustawa z dnia 21 lutego 2019 r. o zmianie niekt\u00f3rych ustaw w zwi\u0105zku z zapewnieniem stosowania rozporz\u0105dzenia Parlamentu Europejskiego i Rady (UE) 2016\/679 z dnia 27 kwietnia 2016 r. w sprawie ochrony os\u00f3b fizycznych w zwi\u0105zku z przetwarzaniem danych osobowych i w sprawie swobodnego przep\u0142ywu takich danych oraz uchylenia dyrektywy 95\/46\/WE (og\u00f3lne rozporz\u0105dzenie o ochronie danych) :<\/p>\n<ol>\n<li>Administratorem Pani\/Pana danych osobowych jest Specjalistyczna Indywidualna Praktyka Lekarska <strong>Dariusz Mamczu<\/strong>r, wykonuj\u0105cy dzia\u0142alno\u015b\u0107 lecznicz\u0105 w formie jednoosobowej dzia\u0142alno\u015bci gospodarczej jako Specjalistyczna Indywidualna Praktyka Lekarska,<br \/>\n94-046 \u0141\u00f3d\u017a ul. Armii Krajowej 54 lok. U-10. NIP 727-105-00-19<\/li>\n<\/ol>\n<p>Prawo wykonywania zawodu lekarza: 6768459<\/p>\n<p>Rejestr Podmiot\u00f3w Wykonuj\u0105cych Dzia\u0142alno\u015b\u0107 Lecznicz\u0105 \u2013 ORL \u0141\u00f3d\u017a L59-000000072660<\/p>\n<p>Wpis do bazy przedsi\u0119biorc\u00f3w CEiDG.gov.pl NIP 7271050019<\/p>\n<ol start=\"2\">\n<li>Dane osobowe s\u0105 zbierane w celu udzielania \u015bwiadcze\u0144 opieki zdrowotnej, prowadzenia, przechowywania i udost\u0119pniania dokumentacji medycznej.<\/li>\n<\/ol>\n<p><strong>Podstaw\u0119 do przetwarzania danych osobowych stanowi<\/strong>:<br \/>\n\u2013 art. 9 ust. 2 lit. h RODO <strong>Rozporz\u0105dzenie Parlamentu Europejskiego i Rady<\/strong> (UE) 2016\/679 z dnia 27 kwietnia 2016 r. w\u00a0sprawie ochrony os\u00f3b fizycznych w zwi\u0105zku z przetwarzaniem danych osobowych i w sprawie swobodnego przep\u0142ywu takich danych oraz uchylenia dyrektywy 95\/46\/WE (og\u00f3lne rozporz\u0105dzenie o ochronie danych), <a href=\"https:\/\/uodo.gov.pl\/pl\/404\/539\">https:\/\/uodo.gov.pl\/pl\/404\/539<\/a> <strong>Ustawa z dnia 21 lutego 2019<\/strong> r. o zmianie niekt\u00f3rych ustaw w zwi\u0105zku z zapewnieniem stosowania <strong>rozporz\u0105dzenia Parlamentu Europejskiego i Rady (UE) 2016\/679 z dnia 27 kwietnia 2016 r. w sprawie ochrony os\u00f3b fizycznych w zwi\u0105zku z przetwarzaniem danych osobowych<\/strong> i w sprawie swobodnego przep\u0142ywu takich danych oraz uchylenia dyrektywy 95\/46\/WE (og\u00f3lne rozporz\u0105dzenie o ochronie danych) (<a href=\"https:\/\/isap.sejm.gov.pl\/isap.nsf\/download.xsp\/WDU20190000730\/T\/D20190730L.pdf\" target=\"_blank\" rel=\"noopener\"><strong>Dz. U. 730 z 21 lutego 2019 <\/strong>r.<\/a><\/p>\n<p><strong>Ustawa o prawach pacjenta<\/strong> \u2013ustawy\u00a0 o <strong>prawach pacjenta i Rzeczniku Praw Pacjenta <\/strong>Pacjenta <strong><a href=\"https:\/\/isap.sejm.gov.pl\/isap.nsf\/download.xsp\/WDU20240000581\/O\/D20240581.pdf\" target=\"_blank\" rel=\"noopener\">Dz U z 2024 nr 581<\/a>\u00a0 <\/strong><\/p>\n<p><strong>\u00a0\u00a0\u00a0\u00a0\u00a0\u00a0\u00a0\u00a0\u00a0\u00a0\u00a0\u00a0\u00a0 Obwieszczenie Marsza\u0142ka Sejmu Rzeczypospolitej Polskiej <\/strong>z \u2013 Obwieszczenie\u00a0 Marsza\u0142ka \u00a0Sejmu Rzeczypospolitej Polskiej z dnia 19 sierpnia 2024 r. w sprawie\u00a0 og\u0142oszenia jednolitego tekstu ustawy <strong>o zawodach lekarza i lekarza<\/strong> <strong>dentysty <a href=\"https:\/\/isap.sejm.gov.pl\/isap.nsf\/download.xsp\/WDU20240001287\/O\/D20241287.pdf\" target=\"_blank\" rel=\"noopener\">Dz. U. z\u00a0<\/a><\/strong><strong> 2024 nr 1287 <\/strong><\/p>\n<p><strong>\u00a0\u00a0\u00a0\u00a0\u00a0\u00a0 Odbiorcami Pani\/Pana danych<\/strong> osobowych s\u0105 podmioty, o kt\u00f3rych mowa w art. medycznego, serwisu i utrzymania system\u00f3w informatycznych, konsultacji medycznych, zlecania bada\u0144 i us\u0142ug medycznych).<\/p>\n<ol start=\"3\">\n<li>Pani\/Pana dane przechowywane s\u0105 przez<strong> okres 20 lat,<\/strong> licz\u0105c od ko\u0144ca ostatniego roku kalendarzowego, w kt\u00f3rym dokonano ostatniego wpisu, z wyj\u0105tkiem sytuacji przewidzianych w art. 29 ust. 1 pkt 1-4 ustawy o prawach pacjenta i Rzeczniku Praw Pacjenta.<\/li>\n<li>Przys\u0142uguje Pani\/Panu prawo do \u017c\u0105dania od administratora:<br \/>\n\u2013 dost\u0119pu do tre\u015bci swoich danych, ich sprostowania, usuni\u0119cia, ograniczenia przetwarzani, a tak\u017ce prawo do przenoszenia danych lub wniesienia sprzeciwu wobec ich przetwarzania<br \/>\n\u2013 wniesienie skargi do Prezesa Urz\u0119du Ochrony Danych Osobowych, gdy uzna Pani\/Pan, i\u017c przetwarzanie Pani\/Pana danych osobowych przez Administratora narusza przepisy RODO.<\/li>\n<li>Podanie danych osobowych jest wymogiem ustawowym. Brak podania niniejszych danych uniemo\u017cliwi realizacj\u0119 celu zwi\u0105zanego z udzielaniem \u015bwiadcze\u0144 opieki zdrowotnej.<\/li>\n<li>Pani\/Pan dane nie b\u0119d\u0105 przetwarzane w spos\u00f3b zautomatyzowany, w tym w oparciu o profilowanie.<\/li>\n<li><strong>W czasie konsultacji do diagnostyki r\u00f3\u017cnicowej (w razie konieczno\u015bci) wykorzystuj\u0119 anonimowo sztuczn\u0105 inteligencj\u0119 (AI) w zakresie dozwolonym Kodeksem Etyki Lekarskiej<\/strong><\/li>\n<li>Dla cel\u00f3w teleporady (wys\u0142ania informacji o us\u0142udze, konsultacji wideo online, wys\u0142ania karty informacyjnej i skierowa\u0144 na badania i konsultacje oraz odpowiedzi na pytania) b\u0119d\u0105 wykorzystywane za zgod\u0105 pacjenta podane wcze\u015bniej jego adresy e-mail oraz poczty tradycyjnej.<\/li>\n<\/ol>\n<p>wyra\u017cam zgod\u0119\u00a0 na przetwarzania moich danych osobowych, do cel\u00f3w \u015bwiadczonych us\u0142ug przez <strong>Specjalistyczn\u0105 Indywidualn\u0105 Praktyk\u0119 Lekarsk\u0105 Dariusz Mamczur<\/strong><\/p>\n<h2><a name=\"_Toc186196764\"><\/a><span style=\"color: #0000ff;\">TELEMEDYCYNA<\/span><\/h2>\n<ul>\n<li>\n<h2><span style=\"color: #0000ff;\">Podstawa prawna<\/span><\/h2>\n<\/li>\n<\/ul>\n<p><strong>Akty prawne, kt\u00f3re reguluj\u0105 wykonywanie us\u0142ug telemedycznych:<\/strong><\/p>\n<p><strong>\u00a0<\/strong><\/p>\n<ol>\n<li><strong>Ustawa o zawodzie lekarza<\/strong> \u2013 Obwieszczenie Marsza\u0142ka Sejmu Rzeczypospolitej Polskiej z dnia 19 sierpnia 2024 r. w sprawie og\u0142oszenia jednolitego tekstu ustawy o zawodach lekarza i lekarza <strong>dentysty Dz. U. z 2024 nr 1287<\/strong><\/li>\n<\/ol>\n<p><a href=\"https:\/\/isap.sejm.gov.pl\/isap.nsf\/download.xsp\/WDU20240001287\/O\/D20241287.pdf\">https:\/\/isap.sejm.gov.pl\/isap.nsf\/download.xsp\/WDU20240001287\/O\/D20241287.pdf<\/a><\/p>\n<p>&nbsp;<\/p>\n<p>Art. 2 ust. 4 zgodnie z kt\u00f3rym udzielanie \u015bwiadcze\u0144 zdrowotnych przez lekarza mo\u017ce nast\u0119powa\u0107 \u201eza po\u015brednictwem system\u00f3w teleinformatycznych lub system\u00f3w \u0142\u0105czno\u015bci\u201d.<\/p>\n<ol start=\"2\">\n<li><strong>Ustawa o dzia\u0142alno\u015bci leczniczej<\/strong> \u2013 Obwieszczenie Marsza\u0142ka Sejmu Rzeczypospolitej Polskiej z dnia 10 kwietnia 2024 r. w sprawie og\u0142oszenia jednolitego tekstu ustawy o dzia\u0142alno\u015bci leczniczej \u2013 D<a href=\"https:\/\/isap.sejm.gov.pl\/isap.nsf\/DocDetails.xsp?id=WDU20240000799\" target=\"_blank\" rel=\"noopener\"><strong>z. U. z 2024 \u2013 nr 799<\/strong><\/a><\/li>\n<\/ol>\n<p><em>\u015awiadczenia te <strong>mog\u0105 by\u0107 udzielane za po\u015brednictwem system\u00f3w teleinfor\u00admatycznych lub system\u00f3w \u0142\u0105czno\u015bci<\/strong>\u201d<\/em> (art. 3 ust. 1), (art. 2 ust. 4)<\/p>\n<p>&nbsp;<\/p>\n<p>lekarz orzeka o stanie zdrowia okre\u015blonej osoby po uprzednim, osobistym jej zbadaniu lub zbadaniu jej za po\u015brednictwem system\u00f3w teleinformatycznych lub system\u00f3w \u0142\u0105czno\u015bci.<\/p>\n<ol start=\"3\">\n<li><strong>Ustawa o prawach pacjenta<\/strong> \u2013\u00a0 <strong>Obwieszczenie Marsza\u0142ka Sejmu Rzeczypospolitej Polskiej z dnia <\/strong>2 kwietnia 2024<strong> w sprawie og\u0142oszenia jednolitego tekstu <\/strong>ustawy o prawach pacjenta i Rzeczniku Praw Pacjenta Dz U z <strong><a href=\"https:\/\/isap.sejm.gov.pl\/isap.nsf\/download.xsp\/WDU20240000581\/O\/D20240581.pdf\" target=\"_blank\" rel=\"noopener\">2024 nr 581<\/a>\u00a0 <\/strong><strong><br \/>\n<\/strong><\/li>\n<\/ol>\n<ol start=\"4\">\n<li><strong>OBWIESZCZENIE MINISTRA ZDROWIA <\/strong>z dnia 22 kwietnia 2022 r. <strong>w sprawie og\u0142oszenia <\/strong>jednolitego tekstu<strong> rozporz\u0105dzenia Ministra Zdrowia w <\/strong>sprawie <strong>rodzaj\u00f3w, zakresu i wzor\u00f3w dokumentacji medycznej<\/strong> oraz sposobu jej przetwarzania D<a href=\"https:\/\/isap.sejm.gov.pl\/isap.nsf\/download.xsp\/WDU20220001304\/O\/D20221304.pdf\" target=\"_blank\" rel=\"noopener\"><strong>zU 1304 z 22.04.2022<\/strong><\/a> <a href=\"https:\/\/isap.sejm.gov.pl\/isap.nsf\/download.xsp\/WDU20220001304\/O\/D20221304.pdf\">https:\/\/isap.sejm.gov.pl\/isap.nsf\/download.xsp\/WDU20220001304\/O\/D20221304.pdf<\/a><\/li>\n<\/ol>\n<p><strong>\u00a0\u00a0\u00a0\u00a0\u00a0\u00a0\u00a0\u00a0 Rozporz\u0105dzenie Ministra Zdrowia z dnia 14 lutego 2024 r. zmieniaj\u0105ce rozporz\u0105dzenie w sprawie r<\/strong>odzaj\u00f3w<strong>, zakresu i wzor\u00f3w dokumentacji medycznej<\/strong> oraz sposobu jej przetwarzania<strong> \u2013 <a href=\"https:\/\/isap.sejm.gov.pl\/isap.nsf\/download.xsp\/WDU20240000252\/O\/D20240252.pdf\" target=\"_blank\" rel=\"noopener\">Dz U. z 2024 nr 252<\/a><\/strong><\/p>\n<ol start=\"5\">\n<li><a href=\"https:\/\/nil.org.pl\/dokumenty\/kodeks-etyki-lekarskiej\" target=\"_blank\" rel=\"noopener\"><strong>Kodeks Etyki Lekarskiej<\/strong><\/a> <a href=\"https:\/\/nil.org.pl\/dokumenty\/kodeks-etyki-lekarskiej\">https:\/\/nil.org.pl\/dokumenty\/kodeks-etyki-lekarskiej<\/a><\/li>\n<\/ol>\n<p><a href=\"https:\/\/nil.org.pl\/uploaded_images\/1723037323_kel-2305.pdf\" target=\"_blank\" rel=\"noopener\"><strong>Nowelizacja kodeksu &#8211; Uchwa\u0142a OIL z 24-5-2024<\/strong><\/a><\/p>\n<p>&nbsp;<\/p>\n<ol start=\"6\">\n<li><strong>Prawo komunikacji elektronicznej \u2013 Dz. U. z 2024 r. nr 1221 z 12 lipca 2024 r.<\/strong><\/li>\n<\/ol>\n<p><a href=\"https:\/\/dziennikustaw.gov.pl\/DU\/2024\/1221\">https:\/\/dziennikustaw.gov.pl\/DU\/2024\/1221<\/a><\/p>\n<ol start=\"7\">\n<li><strong>Ustawa o \u015bwiadczeniu us\u0142ug drog\u0105 elektroniczn\u0105<\/strong> \u2013 Obwieszczenie Marsza\u0142ka Sejmu Rzeczypospolitej Polskiej z dnia <strong>10 pa\u017adziernika 2024<\/strong> w sprawie og\u0142oszenia jednolitego tekstu ustawy o \u015bwiadczeniu us\u0142ug drog\u0105 elektroniczn\u0105 <strong>Dz U z 2024 nr 1513<\/strong><\/li>\n<\/ol>\n<p><a href=\"https:\/\/isap.sejm.gov.pl\/isap.nsf\/DocDetails.xsp?id=WDU20240001513\">https:\/\/isap.sejm.gov.pl\/isap.nsf\/DocDetails.xsp?id=WDU20240001513<\/a><\/p>\n<p>&nbsp;<\/p>\n<ol start=\"8\">\n<li><strong>RODO \u2013 Rozporz\u0105dzenie Parlamentu Europejskiego i Rady (UE) 2016\/679 z dnia 27 kwietnia 2016 <\/strong> w sprawie ochrony os\u00f3b fizycznych w zwi\u0105zku z przetwarzaniem danych osobowych i w sprawie swobodnego przep\u0142ywu takich danych oraz uchylenia dyrektywy 95\/46\/WE (og\u00f3lne rozporz\u0105dzenie o ochronie danych), <a href=\"https:\/\/uodo.gov.pl\/pl\/404\/539\">https:\/\/uodo.gov.pl\/pl\/404\/539<\/a><\/li>\n<li><strong>Ustawa z dnia 21 lutego 2019<\/strong> o zmianie niekt\u00f3rych ustaw w zwi\u0105zku z zapewnieniem stosowania <strong>rozporz\u0105dzenia Parlamentu Europejskiego i Rady (UE) 2016\/679 z dnia 27 kwietnia 2016 r. w sprawie ochrony os\u00f3b fizycznych w zwi\u0105zku z przetwarzaniem danych osobowych<\/strong> i w sprawie swobodnego przep\u0142ywu takich danych oraz uchylenia dyrektywy 95\/46\/WE (og\u00f3lne rozporz\u0105dzenie o ochronie danych) (<strong>Dz. U. 730 z 21 lutego 2019 <\/strong>r. <a href=\"https:\/\/uodo.gov.pl\/pl\/404\/539\">https:\/\/uodo.gov.pl\/pl\/404\/539<\/a><\/li>\n<\/ol>\n<p><a href=\"https:\/\/isap.sejm.gov.pl\/isap.nsf\/download.xsp\/WDU20190000730\/T\/D20190730L.pdf\">https:\/\/isap.sejm.gov.pl\/isap.nsf\/download.xsp\/WDU20190000730\/T\/D20190730L.pdf<\/a><\/p>\n<p>&nbsp;<\/p>\n<ol start=\"10\">\n<li><strong>Dyrektywa Parlamentu Europejskiego i <a href=\"https:\/\/eur-lex.europa.eu\/LexUriServ\/LexUriServ.do?uri=OJ:L:2011:088:0045:0065:pl:PDF\" target=\"_blank\" rel=\"noopener\">Rady 2011\/24\/UE<\/a><\/strong> z dnia 9 marca 2011 r. w sprawie stosowania praw pacjent\u00f3w w <strong>transgranicznej<\/strong> opiece zdrowotnej \u2013 (\u015bwiadczenia dla pacjent\u00f3w <strong>przebywaj\u0105cych poza Polsk\u0105<\/strong>)<\/li>\n<\/ol>\n<p><strong>K<\/strong><strong>odeks cywilny<\/strong> \u2013 Obwieszczenie Marsza\u0142ka Sejmu Rzeczypospolitej Polskiej z dnia 21 czerwca 2024 r. w sprawie og\u0142oszenia jednolitego tekstu ustawy<strong> &#8211; Kodeks cywilny D<a href=\"https:\/\/isap.sejm.gov.pl\/isap.nsf\/download.xsp\/WDU20240001061\/U\/D20241061Lj.pdf\" target=\"_blank\" rel=\"noopener\">z U z 2024 nr 1061<\/a><\/strong><\/p>\n<p>&nbsp;<\/p>\n<ol start=\"12\">\n<li>ustawa <strong>o prawach konsu\u00admenta <\/strong><\/li>\n<\/ol>\n<p>Obwieszczenie Marsza\u0142ka Sejmu Rzeczypospolitej Polskiej z dnia 27 listopada 2024 r. w sprawie og\u0142oszenia jednolitego <strong>tekstu ustawy o prawach konsumenta<\/strong> \u2013 <strong>z 6 grudnia 2024<\/strong> r &#8211;<a href=\"https:\/\/isap.sejm.gov.pl\/isap.nsf\/download.xsp\/WDU20240001796\/O\/D20241796.pdf\" target=\"_blank\" rel=\"noopener\"> <strong>Dz.U. 2024 poz. 1796<\/strong><\/a><\/p>\n<p><strong>\u00a0<\/strong>\u00a0 Wi\u0119cej informacji w poradnikach opracowanych przez <strong>Telemedyczn\u0105 Grup\u0119 Robocz\u0105<\/strong> znajduj\u0105cych si\u0119 pod adresem:\u00a0\u00a0 <a href=\"http:\/\/www.telemedycyna-poradnik.pl\/\">http:\/\/www.telemedycyna-poradnik.pl\/<\/a><\/p>\n<p>dr n. med. Dariusz Mamczur<\/p>\n<p>&nbsp;<\/p>\n<h2><\/h2>\n<p>&nbsp;<\/p>\n","protected":false},"excerpt":{"rendered":"<p>KLAUZULA INFORMACYJNA O PRZETWARZANIU DANYCH OSOBOWYCH &nbsp; &nbsp; Zasada ochrony danych osobowych pacjent\u00f3w w moim gabinecie (RODO) opisana jest na stronie http:\/\/www.drmamczur.home.pl\/drmamczur\/?page_id=706 &nbsp; infolinia Urz\u0119du Ochrony Danych Osobowych pod numer 606 950\u00a0000. &nbsp; KLAUZULA INFORMACYJNA O PRZETWARZANIU DANYCH OSOBOWYCH Zgodnie &hellip; <a href=\"https:\/\/www.dr-mamczur.pl\/blog\/rodo\/\">Czytaj dalej <span class=\"meta-nav\">&rarr;<\/span><\/a><\/p>\n","protected":false},"author":1,"featured_media":0,"parent":0,"menu_order":0,"comment_status":"closed","ping_status":"closed","template":"","meta":[],"_links":{"self":[{"href":"https:\/\/www.dr-mamczur.pl\/blog\/wp-json\/wp\/v2\/pages\/3640"}],"collection":[{"href":"https:\/\/www.dr-mamczur.pl\/blog\/wp-json\/wp\/v2\/pages"}],"about":[{"href":"https:\/\/www.dr-mamczur.pl\/blog\/wp-json\/wp\/v2\/types\/page"}],"author":[{"embeddable":true,"href":"https:\/\/www.dr-mamczur.pl\/blog\/wp-json\/wp\/v2\/users\/1"}],"replies":[{"embeddable":true,"href":"https:\/\/www.dr-mamczur.pl\/blog\/wp-json\/wp\/v2\/comments?post=3640"}],"version-history":[{"count":5,"href":"https:\/\/www.dr-mamczur.pl\/blog\/wp-json\/wp\/v2\/pages\/3640\/revisions"}],"predecessor-version":[{"id":7100,"href":"https:\/\/www.dr-mamczur.pl\/blog\/wp-json\/wp\/v2\/pages\/3640\/revisions\/7100"}],"wp:attachment":[{"href":"https:\/\/www.dr-mamczur.pl\/blog\/wp-json\/wp\/v2\/media?parent=3640"}],"curies":[{"name":"wp","href":"https:\/\/api.w.org\/{rel}","templated":true}]}}